{"id":4465,"date":"2023-11-09T09:02:33","date_gmt":"2023-11-09T08:02:33","guid":{"rendered":"https:\/\/laserenavegasaltas.org\/?page_id=4465"},"modified":"2023-11-15T15:08:48","modified_gmt":"2023-11-15T14:08:48","slug":"identidad-corporativa","status":"publish","type":"page","link":"https:\/\/laserenavegasaltas.org\/?page_id=4465","title":{"rendered":"Identidad Corporativa"},"content":{"rendered":"<h5 style=\"text-align: left;\"><span style=\"color: #000000;\"><b>La Mancomunidad Integral de Servicios La Serena-Vegas Altas pone a disposici\u00f3n su nueva identidad corporativa. Una imagen que captura la uni\u00f3n, el liderazgo, el potencial y la visi\u00f3n de futuro de la Mancomunidad de Municipios.\u00a0 <\/b><\/span><\/h5>\n<h5 style=\"text-align: left;\"><span style=\"color: #000000;\"><b>A continuaci\u00f3n, puede descargar los archivos en formato vectorial y png, as\u00ed como el Manual B\u00e1sico de Identidad Gr\u00e1fica y las tipograf\u00edas <\/b><\/span><span style=\"color: #099685;\"><b><span style=\"color: #000000;\">corporativas. Solo haga clic en el archivo que desea descargar.<\/span>\u00a0<\/b><\/span><\/h5>\n<h3><\/h3>\n<h3 style=\"text-align: left;\"><span style=\"color: #099685;\"><strong>Manual B\u00e1sico de Identidad Gr\u00e1fica:<\/strong><\/span><\/h3>\n<p>&nbsp;<\/p>\n<p><a href=\"https:\/\/laserenavegasaltas.org\/\/wp-content\/uploads\/2023\/11\/MANUAL-BASICO-MANCOMUNIDAD-LA-SERENA-VEGAS-ALTAS.pdf\"><img loading=\"lazy\" decoding=\"async\" class=\"wp-image-4549 aligncenter\" src=\"https:\/\/laserenavegasaltas.org\/\/wp-content\/uploads\/2023\/11\/Portada-Manual-300x167.jpg\" alt=\"\" width=\"417\" height=\"232\" srcset=\"https:\/\/laserenavegasaltas.org\/\/wp-content\/uploads\/2023\/11\/Portada-Manual-300x167.jpg 300w, https:\/\/laserenavegasaltas.org\/\/wp-content\/uploads\/2023\/11\/Portada-Manual-1024x569.jpg 1024w, https:\/\/laserenavegasaltas.org\/\/wp-content\/uploads\/2023\/11\/Portada-Manual-768x427.jpg 768w, https:\/\/laserenavegasaltas.org\/\/wp-content\/uploads\/2023\/11\/Portada-Manual-1536x853.jpg 1536w, https:\/\/laserenavegasaltas.org\/\/wp-content\/uploads\/2023\/11\/Portada-Manual-2048x1138.jpg 2048w, https:\/\/laserenavegasaltas.org\/\/wp-content\/uploads\/2023\/11\/Portada-Manual-135x75.jpg 135w, https:\/\/laserenavegasaltas.org\/\/wp-content\/uploads\/2023\/11\/Portada-Manual-480x267.jpg 480w\" sizes=\"auto, (max-width:767px) 417px, 417px\" \/><\/a><\/p>\n<h3><\/h3>\n<h3><\/h3>\n<h3 style=\"text-align: left;\"><span style=\"color: #099685;\"><strong>Logotipo Formato SVG:<\/strong><\/span><\/h3>\n<p><a href=\"https:\/\/laserenavegasaltas.org\/\/wp-content\/uploads\/2023\/11\/VERTICAL-COLOR.svg\" download=\"\"><img loading=\"lazy\" decoding=\"async\" class=\"alignnone wp-image-4484 size-medium\" src=\"https:\/\/laserenavegasaltas.org\/\/wp-content\/uploads\/2023\/11\/VERTICAL-COLOR-VECTOR-300x200.jpg\" alt=\"\" width=\"300\" height=\"200\" srcset=\"https:\/\/laserenavegasaltas.org\/\/wp-content\/uploads\/2023\/11\/VERTICAL-COLOR-VECTOR-300x200.jpg 300w, https:\/\/laserenavegasaltas.org\/\/wp-content\/uploads\/2023\/11\/VERTICAL-COLOR-VECTOR-1024x683.jpg 1024w, https:\/\/laserenavegasaltas.org\/\/wp-content\/uploads\/2023\/11\/VERTICAL-COLOR-VECTOR-768x512.jpg 768w, https:\/\/laserenavegasaltas.org\/\/wp-content\/uploads\/2023\/11\/VERTICAL-COLOR-VECTOR-113x75.jpg 113w, https:\/\/laserenavegasaltas.org\/\/wp-content\/uploads\/2023\/11\/VERTICAL-COLOR-VECTOR-480x320.jpg 480w, https:\/\/laserenavegasaltas.org\/\/wp-content\/uploads\/2023\/11\/VERTICAL-COLOR-VECTOR.jpg 1200w\" sizes=\"auto, (max-width:767px) 300px, 300px\" \/><\/a><a href=\"https:\/\/laserenavegasaltas.org\/\/wp-content\/uploads\/2023\/11\/VERTICAL-1-TINTA-NEGRO.svg\" download=\"\"><img loading=\"lazy\" decoding=\"async\" class=\"alignnone wp-image-4512 size-medium\" src=\"https:\/\/laserenavegasaltas.org\/\/wp-content\/uploads\/2023\/11\/VERTICAL-NEGRO-300x200.jpg\" alt=\"\" width=\"300\" height=\"200\" srcset=\"https:\/\/laserenavegasaltas.org\/\/wp-content\/uploads\/2023\/11\/VERTICAL-NEGRO-300x200.jpg 300w, https:\/\/laserenavegasaltas.org\/\/wp-content\/uploads\/2023\/11\/VERTICAL-NEGRO-1024x683.jpg 1024w, https:\/\/laserenavegasaltas.org\/\/wp-content\/uploads\/2023\/11\/VERTICAL-NEGRO-768x512.jpg 768w, https:\/\/laserenavegasaltas.org\/\/wp-content\/uploads\/2023\/11\/VERTICAL-NEGRO-113x75.jpg 113w, https:\/\/laserenavegasaltas.org\/\/wp-content\/uploads\/2023\/11\/VERTICAL-NEGRO-480x320.jpg 480w, https:\/\/laserenavegasaltas.org\/\/wp-content\/uploads\/2023\/11\/VERTICAL-NEGRO.jpg 1200w\" sizes=\"auto, (max-width:767px) 300px, 300px\" \/><\/a><a href=\"https:\/\/laserenavegasaltas.org\/\/wp-content\/uploads\/2023\/11\/VERTICAL-1-TINTA-VERDE.svg\" download=\"\"><img loading=\"lazy\" decoding=\"async\" class=\"alignnone wp-image-4513 size-medium\" src=\"https:\/\/laserenavegasaltas.org\/\/wp-content\/uploads\/2023\/11\/VERTICAL-VERDE-300x200.jpg\" alt=\"\" width=\"300\" height=\"200\" srcset=\"https:\/\/laserenavegasaltas.org\/\/wp-content\/uploads\/2023\/11\/VERTICAL-VERDE-300x200.jpg 300w, https:\/\/laserenavegasaltas.org\/\/wp-content\/uploads\/2023\/11\/VERTICAL-VERDE-1024x683.jpg 1024w, https:\/\/laserenavegasaltas.org\/\/wp-content\/uploads\/2023\/11\/VERTICAL-VERDE-768x512.jpg 768w, https:\/\/laserenavegasaltas.org\/\/wp-content\/uploads\/2023\/11\/VERTICAL-VERDE-113x75.jpg 113w, https:\/\/laserenavegasaltas.org\/\/wp-content\/uploads\/2023\/11\/VERTICAL-VERDE-480x320.jpg 480w, https:\/\/laserenavegasaltas.org\/\/wp-content\/uploads\/2023\/11\/VERTICAL-VERDE.jpg 1200w\" sizes=\"auto, (max-width:767px) 300px, 300px\" \/><\/a><\/p>\n<p>&nbsp;<\/p>\n<p><a href=\"https:\/\/laserenavegasaltas.org\/\/wp-content\/uploads\/2023\/11\/HORIZONTAL-COLOR.svg\" download=\"\"><img loading=\"lazy\" decoding=\"async\" class=\"alignnone wp-image-4521 size-medium\" src=\"https:\/\/laserenavegasaltas.org\/\/wp-content\/uploads\/2023\/11\/HORIZONTAL-COLOR-VECTOR-1-300x200.jpg\" alt=\"\" width=\"300\" height=\"200\" srcset=\"https:\/\/laserenavegasaltas.org\/\/wp-content\/uploads\/2023\/11\/HORIZONTAL-COLOR-VECTOR-1-300x200.jpg 300w, https:\/\/laserenavegasaltas.org\/\/wp-content\/uploads\/2023\/11\/HORIZONTAL-COLOR-VECTOR-1-1024x683.jpg 1024w, https:\/\/laserenavegasaltas.org\/\/wp-content\/uploads\/2023\/11\/HORIZONTAL-COLOR-VECTOR-1-768x512.jpg 768w, https:\/\/laserenavegasaltas.org\/\/wp-content\/uploads\/2023\/11\/HORIZONTAL-COLOR-VECTOR-1-113x75.jpg 113w, https:\/\/laserenavegasaltas.org\/\/wp-content\/uploads\/2023\/11\/HORIZONTAL-COLOR-VECTOR-1-480x320.jpg 480w, https:\/\/laserenavegasaltas.org\/\/wp-content\/uploads\/2023\/11\/HORIZONTAL-COLOR-VECTOR-1.jpg 1200w\" sizes=\"auto, (max-width:767px) 300px, 300px\" \/><\/a><a href=\"https:\/\/laserenavegasaltas.org\/\/wp-content\/uploads\/2023\/11\/HORIZONTAL-1-TINTA-NEGRO.svg\" download=\"\"><img loading=\"lazy\" decoding=\"async\" class=\"alignnone wp-image-4522 size-medium\" src=\"https:\/\/laserenavegasaltas.org\/\/wp-content\/uploads\/2023\/11\/HORIZONTAL-NEGRO-300x200.jpg\" alt=\"\" width=\"300\" height=\"200\" srcset=\"https:\/\/laserenavegasaltas.org\/\/wp-content\/uploads\/2023\/11\/HORIZONTAL-NEGRO-300x200.jpg 300w, https:\/\/laserenavegasaltas.org\/\/wp-content\/uploads\/2023\/11\/HORIZONTAL-NEGRO-1024x683.jpg 1024w, https:\/\/laserenavegasaltas.org\/\/wp-content\/uploads\/2023\/11\/HORIZONTAL-NEGRO-768x512.jpg 768w, https:\/\/laserenavegasaltas.org\/\/wp-content\/uploads\/2023\/11\/HORIZONTAL-NEGRO-113x75.jpg 113w, https:\/\/laserenavegasaltas.org\/\/wp-content\/uploads\/2023\/11\/HORIZONTAL-NEGRO-480x320.jpg 480w, https:\/\/laserenavegasaltas.org\/\/wp-content\/uploads\/2023\/11\/HORIZONTAL-NEGRO.jpg 1200w\" sizes=\"auto, (max-width:767px) 300px, 300px\" \/><\/a><a href=\"https:\/\/laserenavegasaltas.org\/\/wp-content\/uploads\/2023\/11\/HORIZONTAL-1-TINTA-VERDE.svg\" download=\"\"><img loading=\"lazy\" decoding=\"async\" class=\"alignnone wp-image-4523 size-medium\" src=\"https:\/\/laserenavegasaltas.org\/\/wp-content\/uploads\/2023\/11\/HORIZONTAL-VERDE-300x200.jpg\" alt=\"\" width=\"300\" height=\"200\" srcset=\"https:\/\/laserenavegasaltas.org\/\/wp-content\/uploads\/2023\/11\/HORIZONTAL-VERDE-300x200.jpg 300w, https:\/\/laserenavegasaltas.org\/\/wp-content\/uploads\/2023\/11\/HORIZONTAL-VERDE-1024x683.jpg 1024w, https:\/\/laserenavegasaltas.org\/\/wp-content\/uploads\/2023\/11\/HORIZONTAL-VERDE-768x512.jpg 768w, https:\/\/laserenavegasaltas.org\/\/wp-content\/uploads\/2023\/11\/HORIZONTAL-VERDE-113x75.jpg 113w, https:\/\/laserenavegasaltas.org\/\/wp-content\/uploads\/2023\/11\/HORIZONTAL-VERDE-480x320.jpg 480w, https:\/\/laserenavegasaltas.org\/\/wp-content\/uploads\/2023\/11\/HORIZONTAL-VERDE.jpg 1200w\" sizes=\"auto, (max-width:767px) 300px, 300px\" \/><\/a><\/p>\n<p>&nbsp;<\/p>\n<h3 style=\"text-align: left;\"><span style=\"color: #099685;\"><strong>Logotipo Formato PNG:<\/strong><\/span><\/h3>\n<h3 style=\"text-align: left;\"><\/h3>\n<p><a href=\"https:\/\/laserenavegasaltas.org\/\/wp-content\/uploads\/2023\/11\/VERTICAL-COLOR.png\" download=\"\"><img loading=\"lazy\" decoding=\"async\" class=\"alignnone wp-image-4484 size-medium\" src=\"https:\/\/laserenavegasaltas.org\/\/wp-content\/uploads\/2023\/11\/VERTICAL-COLOR-VECTOR-300x200.jpg\" alt=\"\" width=\"300\" height=\"200\" srcset=\"https:\/\/laserenavegasaltas.org\/\/wp-content\/uploads\/2023\/11\/VERTICAL-COLOR-VECTOR-300x200.jpg 300w, https:\/\/laserenavegasaltas.org\/\/wp-content\/uploads\/2023\/11\/VERTICAL-COLOR-VECTOR-1024x683.jpg 1024w, https:\/\/laserenavegasaltas.org\/\/wp-content\/uploads\/2023\/11\/VERTICAL-COLOR-VECTOR-768x512.jpg 768w, https:\/\/laserenavegasaltas.org\/\/wp-content\/uploads\/2023\/11\/VERTICAL-COLOR-VECTOR-113x75.jpg 113w, https:\/\/laserenavegasaltas.org\/\/wp-content\/uploads\/2023\/11\/VERTICAL-COLOR-VECTOR-480x320.jpg 480w, https:\/\/laserenavegasaltas.org\/\/wp-content\/uploads\/2023\/11\/VERTICAL-COLOR-VECTOR.jpg 1200w\" sizes=\"auto, (max-width:767px) 300px, 300px\" \/><\/a><a href=\"https:\/\/laserenavegasaltas.org\/\/wp-content\/uploads\/2023\/11\/VERTICAL-1-TINTA-NEGRO.png\" download=\"\"><img loading=\"lazy\" decoding=\"async\" class=\"alignnone wp-image-4512 size-medium\" src=\"https:\/\/laserenavegasaltas.org\/\/wp-content\/uploads\/2023\/11\/VERTICAL-NEGRO-300x200.jpg\" alt=\"\" width=\"300\" height=\"200\" srcset=\"https:\/\/laserenavegasaltas.org\/\/wp-content\/uploads\/2023\/11\/VERTICAL-NEGRO-300x200.jpg 300w, https:\/\/laserenavegasaltas.org\/\/wp-content\/uploads\/2023\/11\/VERTICAL-NEGRO-1024x683.jpg 1024w, https:\/\/laserenavegasaltas.org\/\/wp-content\/uploads\/2023\/11\/VERTICAL-NEGRO-768x512.jpg 768w, https:\/\/laserenavegasaltas.org\/\/wp-content\/uploads\/2023\/11\/VERTICAL-NEGRO-113x75.jpg 113w, https:\/\/laserenavegasaltas.org\/\/wp-content\/uploads\/2023\/11\/VERTICAL-NEGRO-480x320.jpg 480w, https:\/\/laserenavegasaltas.org\/\/wp-content\/uploads\/2023\/11\/VERTICAL-NEGRO.jpg 1200w\" sizes=\"auto, (max-width:767px) 300px, 300px\" \/><\/a><a href=\"https:\/\/laserenavegasaltas.org\/\/wp-content\/uploads\/2023\/11\/VERTICAL-1-TINTA-VERDE.png\" download=\"\"><img loading=\"lazy\" decoding=\"async\" class=\"alignnone wp-image-4513 size-medium\" src=\"https:\/\/laserenavegasaltas.org\/\/wp-content\/uploads\/2023\/11\/VERTICAL-VERDE-300x200.jpg\" alt=\"\" width=\"300\" height=\"200\" srcset=\"https:\/\/laserenavegasaltas.org\/\/wp-content\/uploads\/2023\/11\/VERTICAL-VERDE-300x200.jpg 300w, https:\/\/laserenavegasaltas.org\/\/wp-content\/uploads\/2023\/11\/VERTICAL-VERDE-1024x683.jpg 1024w, https:\/\/laserenavegasaltas.org\/\/wp-content\/uploads\/2023\/11\/VERTICAL-VERDE-768x512.jpg 768w, https:\/\/laserenavegasaltas.org\/\/wp-content\/uploads\/2023\/11\/VERTICAL-VERDE-113x75.jpg 113w, https:\/\/laserenavegasaltas.org\/\/wp-content\/uploads\/2023\/11\/VERTICAL-VERDE-480x320.jpg 480w, https:\/\/laserenavegasaltas.org\/\/wp-content\/uploads\/2023\/11\/VERTICAL-VERDE.jpg 1200w\" sizes=\"auto, (max-width:767px) 300px, 300px\" \/><\/a><\/p>\n<p><a href=\"https:\/\/laserenavegasaltas.org\/\/wp-content\/uploads\/2023\/11\/VERTICAL-1-TINTA-BLANCO.png\" download=\"\"><img loading=\"lazy\" decoding=\"async\" class=\"alignnone wp-image-4542 size-medium\" src=\"https:\/\/laserenavegasaltas.org\/\/wp-content\/uploads\/2023\/11\/VERTICAL-BLANCO-300x200.jpg\" alt=\"\" width=\"300\" height=\"200\" srcset=\"https:\/\/laserenavegasaltas.org\/\/wp-content\/uploads\/2023\/11\/VERTICAL-BLANCO-300x200.jpg 300w, https:\/\/laserenavegasaltas.org\/\/wp-content\/uploads\/2023\/11\/VERTICAL-BLANCO-1024x683.jpg 1024w, https:\/\/laserenavegasaltas.org\/\/wp-content\/uploads\/2023\/11\/VERTICAL-BLANCO-768x512.jpg 768w, https:\/\/laserenavegasaltas.org\/\/wp-content\/uploads\/2023\/11\/VERTICAL-BLANCO-113x75.jpg 113w, https:\/\/laserenavegasaltas.org\/\/wp-content\/uploads\/2023\/11\/VERTICAL-BLANCO-480x320.jpg 480w, https:\/\/laserenavegasaltas.org\/\/wp-content\/uploads\/2023\/11\/VERTICAL-BLANCO.jpg 1200w\" sizes=\"auto, (max-width:767px) 300px, 300px\" \/><\/a> \u00a0<a href=\"https:\/\/laserenavegasaltas.org\/\/wp-content\/uploads\/2023\/11\/HORIZONTAL-COLOR.png\" download=\"\"><img loading=\"lazy\" decoding=\"async\" class=\"alignnone wp-image-4521 size-medium\" src=\"https:\/\/laserenavegasaltas.org\/\/wp-content\/uploads\/2023\/11\/HORIZONTAL-COLOR-VECTOR-1-300x200.jpg\" alt=\"\" width=\"300\" height=\"200\" srcset=\"https:\/\/laserenavegasaltas.org\/\/wp-content\/uploads\/2023\/11\/HORIZONTAL-COLOR-VECTOR-1-300x200.jpg 300w, https:\/\/laserenavegasaltas.org\/\/wp-content\/uploads\/2023\/11\/HORIZONTAL-COLOR-VECTOR-1-1024x683.jpg 1024w, https:\/\/laserenavegasaltas.org\/\/wp-content\/uploads\/2023\/11\/HORIZONTAL-COLOR-VECTOR-1-768x512.jpg 768w, https:\/\/laserenavegasaltas.org\/\/wp-content\/uploads\/2023\/11\/HORIZONTAL-COLOR-VECTOR-1-113x75.jpg 113w, https:\/\/laserenavegasaltas.org\/\/wp-content\/uploads\/2023\/11\/HORIZONTAL-COLOR-VECTOR-1-480x320.jpg 480w, https:\/\/laserenavegasaltas.org\/\/wp-content\/uploads\/2023\/11\/HORIZONTAL-COLOR-VECTOR-1.jpg 1200w\" sizes=\"auto, (max-width:767px) 300px, 300px\" \/><\/a>\u00a0 <a href=\"https:\/\/laserenavegasaltas.org\/\/wp-content\/uploads\/2023\/11\/HORIZONTAL-1-TINTA-NEGRO.png\" download=\"\"><img loading=\"lazy\" decoding=\"async\" class=\"alignnone wp-image-4522 size-medium\" src=\"https:\/\/laserenavegasaltas.org\/\/wp-content\/uploads\/2023\/11\/HORIZONTAL-NEGRO-300x200.jpg\" alt=\"\" width=\"300\" height=\"200\" srcset=\"https:\/\/laserenavegasaltas.org\/\/wp-content\/uploads\/2023\/11\/HORIZONTAL-NEGRO-300x200.jpg 300w, https:\/\/laserenavegasaltas.org\/\/wp-content\/uploads\/2023\/11\/HORIZONTAL-NEGRO-1024x683.jpg 1024w, https:\/\/laserenavegasaltas.org\/\/wp-content\/uploads\/2023\/11\/HORIZONTAL-NEGRO-768x512.jpg 768w, https:\/\/laserenavegasaltas.org\/\/wp-content\/uploads\/2023\/11\/HORIZONTAL-NEGRO-113x75.jpg 113w, https:\/\/laserenavegasaltas.org\/\/wp-content\/uploads\/2023\/11\/HORIZONTAL-NEGRO-480x320.jpg 480w, https:\/\/laserenavegasaltas.org\/\/wp-content\/uploads\/2023\/11\/HORIZONTAL-NEGRO.jpg 1200w\" sizes=\"auto, (max-width:767px) 300px, 300px\" \/><\/a><\/p>\n<p><a href=\"https:\/\/laserenavegasaltas.org\/\/wp-content\/uploads\/2023\/11\/HORIZONTAL-1-TINTA-VERDE.png\" download=\"\"><img loading=\"lazy\" decoding=\"async\" class=\"alignnone wp-image-4523 size-medium\" src=\"https:\/\/laserenavegasaltas.org\/\/wp-content\/uploads\/2023\/11\/HORIZONTAL-VERDE-300x200.jpg\" alt=\"\" width=\"300\" height=\"200\" srcset=\"https:\/\/laserenavegasaltas.org\/\/wp-content\/uploads\/2023\/11\/HORIZONTAL-VERDE-300x200.jpg 300w, https:\/\/laserenavegasaltas.org\/\/wp-content\/uploads\/2023\/11\/HORIZONTAL-VERDE-1024x683.jpg 1024w, https:\/\/laserenavegasaltas.org\/\/wp-content\/uploads\/2023\/11\/HORIZONTAL-VERDE-768x512.jpg 768w, https:\/\/laserenavegasaltas.org\/\/wp-content\/uploads\/2023\/11\/HORIZONTAL-VERDE-113x75.jpg 113w, https:\/\/laserenavegasaltas.org\/\/wp-content\/uploads\/2023\/11\/HORIZONTAL-VERDE-480x320.jpg 480w, https:\/\/laserenavegasaltas.org\/\/wp-content\/uploads\/2023\/11\/HORIZONTAL-VERDE.jpg 1200w\" sizes=\"auto, (max-width:767px) 300px, 300px\" \/><\/a> <a href=\"https:\/\/laserenavegasaltas.org\/\/wp-content\/uploads\/2023\/11\/HORIZONTAL-1-TINTA-BLANCO.png\" download=\"\"><img loading=\"lazy\" decoding=\"async\" class=\"alignnone wp-image-4541 size-medium\" src=\"https:\/\/laserenavegasaltas.org\/\/wp-content\/uploads\/2023\/11\/HORIZONTAL-BLANCO-300x200.jpg\" alt=\"\" width=\"300\" height=\"200\" srcset=\"https:\/\/laserenavegasaltas.org\/\/wp-content\/uploads\/2023\/11\/HORIZONTAL-BLANCO-300x200.jpg 300w, https:\/\/laserenavegasaltas.org\/\/wp-content\/uploads\/2023\/11\/HORIZONTAL-BLANCO-1024x683.jpg 1024w, https:\/\/laserenavegasaltas.org\/\/wp-content\/uploads\/2023\/11\/HORIZONTAL-BLANCO-768x512.jpg 768w, https:\/\/laserenavegasaltas.org\/\/wp-content\/uploads\/2023\/11\/HORIZONTAL-BLANCO-113x75.jpg 113w, https:\/\/laserenavegasaltas.org\/\/wp-content\/uploads\/2023\/11\/HORIZONTAL-BLANCO-480x320.jpg 480w, https:\/\/laserenavegasaltas.org\/\/wp-content\/uploads\/2023\/11\/HORIZONTAL-BLANCO.jpg 1200w\" sizes=\"auto, (max-width:767px) 300px, 300px\" \/><\/a><\/p>\n<p>&nbsp;<\/p>\n<h3 style=\"text-align: left;\"><span style=\"color: #099685;\"><strong>Tipograf\u00edas Corporativas:\u00a0<\/strong><\/span><\/h3>\n<p>&nbsp;<\/p>\n<p><a href=\"https:\/\/laserenavegasaltas.org\/\/wp-content\/uploads\/2023\/11\/Montserrat-Bold.ttf\"><img loading=\"lazy\" decoding=\"async\" class=\"alignnone wp-image-4553 size-medium\" src=\"https:\/\/laserenavegasaltas.org\/\/wp-content\/uploads\/2023\/11\/Montserrat-Bold-Portada-300x200.jpg\" alt=\"\" width=\"300\" height=\"200\" srcset=\"https:\/\/laserenavegasaltas.org\/\/wp-content\/uploads\/2023\/11\/Montserrat-Bold-Portada-300x200.jpg 300w, https:\/\/laserenavegasaltas.org\/\/wp-content\/uploads\/2023\/11\/Montserrat-Bold-Portada-1024x683.jpg 1024w, https:\/\/laserenavegasaltas.org\/\/wp-content\/uploads\/2023\/11\/Montserrat-Bold-Portada-768x512.jpg 768w, https:\/\/laserenavegasaltas.org\/\/wp-content\/uploads\/2023\/11\/Montserrat-Bold-Portada-113x75.jpg 113w, https:\/\/laserenavegasaltas.org\/\/wp-content\/uploads\/2023\/11\/Montserrat-Bold-Portada-480x320.jpg 480w, https:\/\/laserenavegasaltas.org\/\/wp-content\/uploads\/2023\/11\/Montserrat-Bold-Portada.jpg 1200w\" sizes=\"auto, (max-width:767px) 300px, 300px\" \/><\/a>\u00a0 \u00a0 \u00a0 \u00a0 <a href=\"https:\/\/laserenavegasaltas.org\/\/wp-content\/uploads\/2023\/11\/Montserrat-SemiBold.ttf\" download=\"\"><img loading=\"lazy\" decoding=\"async\" class=\"alignnone wp-image-4554 size-medium\" src=\"https:\/\/laserenavegasaltas.org\/\/wp-content\/uploads\/2023\/11\/Montserrat-SemiBold-Portada-300x200.jpg\" alt=\"\" width=\"300\" height=\"200\" srcset=\"https:\/\/laserenavegasaltas.org\/\/wp-content\/uploads\/2023\/11\/Montserrat-SemiBold-Portada-300x200.jpg 300w, https:\/\/laserenavegasaltas.org\/\/wp-content\/uploads\/2023\/11\/Montserrat-SemiBold-Portada-1024x683.jpg 1024w, https:\/\/laserenavegasaltas.org\/\/wp-content\/uploads\/2023\/11\/Montserrat-SemiBold-Portada-768x512.jpg 768w, https:\/\/laserenavegasaltas.org\/\/wp-content\/uploads\/2023\/11\/Montserrat-SemiBold-Portada-113x75.jpg 113w, https:\/\/laserenavegasaltas.org\/\/wp-content\/uploads\/2023\/11\/Montserrat-SemiBold-Portada-480x320.jpg 480w, https:\/\/laserenavegasaltas.org\/\/wp-content\/uploads\/2023\/11\/Montserrat-SemiBold-Portada.jpg 1200w\" sizes=\"auto, (max-width:767px) 300px, 300px\" \/><\/a><\/p>\n<p>&nbsp;<\/p>\n<p>&nbsp;<\/p>\n","protected":false},"excerpt":{"rendered":"<p>La Mancomunidad Integral de Servicios La Serena-Vegas Altas pone a disposici\u00f3n su nueva identidad corporativa. Una imagen que captura la uni\u00f3n, el liderazgo, el potencial y<span class=\"excerpt-hellip\"> [\u2026]<\/span><\/p>\n","protected":false},"author":1,"featured_media":0,"parent":0,"menu_order":0,"comment_status":"closed","ping_status":"closed","template":"","meta":{"footnotes":""},"class_list":["post-4465","page","type-page","status-publish","hentry"],"yoast_head":"<!-- This site is optimized with the Yoast SEO plugin v25.5 - https:\/\/yoast.com\/wordpress\/plugins\/seo\/ -->\n<title>Identidad Corporativa - Mancomunidad Integral de Servicios La Serena-Vegas Altas<\/title>\n<meta name=\"robots\" content=\"index, follow, max-snippet:-1, max-image-preview:large, max-video-preview:-1\" \/>\n<link rel=\"canonical\" href=\"https:\/\/laserenavegasaltas.org\/?page_id=4465\" \/>\n<meta property=\"og:locale\" content=\"es_ES\" \/>\n<meta property=\"og:type\" content=\"article\" \/>\n<meta property=\"og:title\" content=\"Identidad Corporativa - Mancomunidad Integral de Servicios La Serena-Vegas Altas\" \/>\n<meta property=\"og:description\" content=\"La Mancomunidad Integral de Servicios La Serena-Vegas Altas pone a disposici\u00f3n su nueva identidad corporativa. Una imagen que captura la uni\u00f3n, el liderazgo, el potencial y [\u2026]\" \/>\n<meta property=\"og:url\" content=\"https:\/\/laserenavegasaltas.org\/?page_id=4465\" \/>\n<meta property=\"og:site_name\" content=\"Mancomunidad Integral de Servicios La Serena-Vegas Altas\" \/>\n<meta property=\"article:modified_time\" content=\"2023-11-15T14:08:48+00:00\" \/>\n<meta property=\"og:image\" content=\"https:\/\/laserenavegasaltas.org\/\/wp-content\/uploads\/2023\/11\/Portada-Manual-300x167.jpg\" \/>\n<meta name=\"twitter:card\" content=\"summary_large_image\" \/>\n<meta name=\"twitter:label1\" content=\"Tiempo de lectura\" \/>\n\t<meta name=\"twitter:data1\" content=\"4 minutos\" \/>\n<script type=\"application\/ld+json\" class=\"yoast-schema-graph\">{\"@context\":\"https:\/\/schema.org\",\"@graph\":[{\"@type\":\"WebPage\",\"@id\":\"https:\/\/laserenavegasaltas.org\/?page_id=4465\",\"url\":\"https:\/\/laserenavegasaltas.org\/?page_id=4465\",\"name\":\"Identidad Corporativa - Mancomunidad Integral de Servicios La Serena-Vegas Altas\",\"isPartOf\":{\"@id\":\"https:\/\/laserenavegasaltas.org\/#website\"},\"primaryImageOfPage\":{\"@id\":\"https:\/\/laserenavegasaltas.org\/?page_id=4465#primaryimage\"},\"image\":{\"@id\":\"https:\/\/laserenavegasaltas.org\/?page_id=4465#primaryimage\"},\"thumbnailUrl\":\"https:\/\/laserenavegasaltas.org\/\/wp-content\/uploads\/2023\/11\/Portada-Manual-300x167.jpg\",\"datePublished\":\"2023-11-09T08:02:33+00:00\",\"dateModified\":\"2023-11-15T14:08:48+00:00\",\"breadcrumb\":{\"@id\":\"https:\/\/laserenavegasaltas.org\/?page_id=4465#breadcrumb\"},\"inLanguage\":\"es\",\"potentialAction\":[{\"@type\":\"ReadAction\",\"target\":[\"https:\/\/laserenavegasaltas.org\/?page_id=4465\"]}]},{\"@type\":\"ImageObject\",\"inLanguage\":\"es\",\"@id\":\"https:\/\/laserenavegasaltas.org\/?page_id=4465#primaryimage\",\"url\":\"https:\/\/laserenavegasaltas.org\/\/wp-content\/uploads\/2023\/11\/Portada-Manual.jpg\",\"contentUrl\":\"https:\/\/laserenavegasaltas.org\/\/wp-content\/uploads\/2023\/11\/Portada-Manual.jpg\",\"width\":2126,\"height\":1181},{\"@type\":\"BreadcrumbList\",\"@id\":\"https:\/\/laserenavegasaltas.org\/?page_id=4465#breadcrumb\",\"itemListElement\":[{\"@type\":\"ListItem\",\"position\":1,\"name\":\"Portada\",\"item\":\"https:\/\/laserenavegasaltas.org\/\"},{\"@type\":\"ListItem\",\"position\":2,\"name\":\"Identidad Corporativa\"}]},{\"@type\":\"WebSite\",\"@id\":\"https:\/\/laserenavegasaltas.org\/#website\",\"url\":\"https:\/\/laserenavegasaltas.org\/\",\"name\":\"Mancomunidad Integral de Servicios La Serena-Vegas Altas\",\"description\":\"Mancomunidad Integral de Servicios La Serena-Vegas Altas\",\"potentialAction\":[{\"@type\":\"SearchAction\",\"target\":{\"@type\":\"EntryPoint\",\"urlTemplate\":\"https:\/\/laserenavegasaltas.org\/?s={search_term_string}\"},\"query-input\":{\"@type\":\"PropertyValueSpecification\",\"valueRequired\":true,\"valueName\":\"search_term_string\"}}],\"inLanguage\":\"es\"}]}<\/script>\n<!-- \/ Yoast SEO plugin. -->","yoast_head_json":{"title":"Identidad Corporativa - Mancomunidad Integral de Servicios La Serena-Vegas Altas","robots":{"index":"index","follow":"follow","max-snippet":"max-snippet:-1","max-image-preview":"max-image-preview:large","max-video-preview":"max-video-preview:-1"},"canonical":"https:\/\/laserenavegasaltas.org\/?page_id=4465","og_locale":"es_ES","og_type":"article","og_title":"Identidad Corporativa - Mancomunidad Integral de Servicios La Serena-Vegas Altas","og_description":"La Mancomunidad Integral de Servicios La Serena-Vegas Altas pone a disposici\u00f3n su nueva identidad corporativa. Una imagen que captura la uni\u00f3n, el liderazgo, el potencial y [\u2026]","og_url":"https:\/\/laserenavegasaltas.org\/?page_id=4465","og_site_name":"Mancomunidad Integral de Servicios La Serena-Vegas Altas","article_modified_time":"2023-11-15T14:08:48+00:00","og_image":[{"url":"https:\/\/laserenavegasaltas.org\/\/wp-content\/uploads\/2023\/11\/Portada-Manual-300x167.jpg","type":"","width":"","height":""}],"twitter_card":"summary_large_image","twitter_misc":{"Tiempo de lectura":"4 minutos"},"schema":{"@context":"https:\/\/schema.org","@graph":[{"@type":"WebPage","@id":"https:\/\/laserenavegasaltas.org\/?page_id=4465","url":"https:\/\/laserenavegasaltas.org\/?page_id=4465","name":"Identidad Corporativa - Mancomunidad Integral de Servicios La Serena-Vegas Altas","isPartOf":{"@id":"https:\/\/laserenavegasaltas.org\/#website"},"primaryImageOfPage":{"@id":"https:\/\/laserenavegasaltas.org\/?page_id=4465#primaryimage"},"image":{"@id":"https:\/\/laserenavegasaltas.org\/?page_id=4465#primaryimage"},"thumbnailUrl":"https:\/\/laserenavegasaltas.org\/\/wp-content\/uploads\/2023\/11\/Portada-Manual-300x167.jpg","datePublished":"2023-11-09T08:02:33+00:00","dateModified":"2023-11-15T14:08:48+00:00","breadcrumb":{"@id":"https:\/\/laserenavegasaltas.org\/?page_id=4465#breadcrumb"},"inLanguage":"es","potentialAction":[{"@type":"ReadAction","target":["https:\/\/laserenavegasaltas.org\/?page_id=4465"]}]},{"@type":"ImageObject","inLanguage":"es","@id":"https:\/\/laserenavegasaltas.org\/?page_id=4465#primaryimage","url":"https:\/\/laserenavegasaltas.org\/\/wp-content\/uploads\/2023\/11\/Portada-Manual.jpg","contentUrl":"https:\/\/laserenavegasaltas.org\/\/wp-content\/uploads\/2023\/11\/Portada-Manual.jpg","width":2126,"height":1181},{"@type":"BreadcrumbList","@id":"https:\/\/laserenavegasaltas.org\/?page_id=4465#breadcrumb","itemListElement":[{"@type":"ListItem","position":1,"name":"Portada","item":"https:\/\/laserenavegasaltas.org\/"},{"@type":"ListItem","position":2,"name":"Identidad Corporativa"}]},{"@type":"WebSite","@id":"https:\/\/laserenavegasaltas.org\/#website","url":"https:\/\/laserenavegasaltas.org\/","name":"Mancomunidad Integral de Servicios La Serena-Vegas Altas","description":"Mancomunidad Integral de Servicios La Serena-Vegas Altas","potentialAction":[{"@type":"SearchAction","target":{"@type":"EntryPoint","urlTemplate":"https:\/\/laserenavegasaltas.org\/?s={search_term_string}"},"query-input":{"@type":"PropertyValueSpecification","valueRequired":true,"valueName":"search_term_string"}}],"inLanguage":"es"}]}},"_links":{"self":[{"href":"https:\/\/laserenavegasaltas.org\/index.php?rest_route=\/wp\/v2\/pages\/4465","targetHints":{"allow":["GET"]}}],"collection":[{"href":"https:\/\/laserenavegasaltas.org\/index.php?rest_route=\/wp\/v2\/pages"}],"about":[{"href":"https:\/\/laserenavegasaltas.org\/index.php?rest_route=\/wp\/v2\/types\/page"}],"author":[{"embeddable":true,"href":"https:\/\/laserenavegasaltas.org\/index.php?rest_route=\/wp\/v2\/users\/1"}],"replies":[{"embeddable":true,"href":"https:\/\/laserenavegasaltas.org\/index.php?rest_route=%2Fwp%2Fv2%2Fcomments&post=4465"}],"version-history":[{"count":54,"href":"https:\/\/laserenavegasaltas.org\/index.php?rest_route=\/wp\/v2\/pages\/4465\/revisions"}],"predecessor-version":[{"id":4569,"href":"https:\/\/laserenavegasaltas.org\/index.php?rest_route=\/wp\/v2\/pages\/4465\/revisions\/4569"}],"wp:attachment":[{"href":"https:\/\/laserenavegasaltas.org\/index.php?rest_route=%2Fwp%2Fv2%2Fmedia&parent=4465"}],"curies":[{"name":"wp","href":"https:\/\/api.w.org\/{rel}","templated":true}]}}